{"id":586,"date":"2026-01-27T19:48:26","date_gmt":"2026-01-27T19:48:26","guid":{"rendered":"https:\/\/bandajuliancerdan.com\/?page_id=586"},"modified":"2026-04-09T17:23:26","modified_gmt":"2026-04-09T17:23:26","slug":"musical-director-justo-manuel-jimenez-fabregas","status":"publish","type":"page","link":"https:\/\/bandajuliancerdan.com\/en\/musical-director-justo-manuel-jimenez-fabregas\/","title":{"rendered":"Musical Director"},"content":{"rendered":"<div class=\"wp-block-uagb-container uagb-block-6f45633b alignfull uagb-is-root-container\"><div class=\"uagb-container-inner-blocks-wrap\">\n<div class=\"wp-block-uagb-container uagb-block-d8c96493\">\n<div class=\"wp-block-uagb-info-box uagb-block-853f3180 uagb-infobox__content-wrap  uagb-infobox-icon-above-title uagb-infobox-image-valign-top\"><div class=\"uagb-ifb-content\"><div class=\"uagb-ifb-title-wrap\"><span class=\"uagb-ifb-title-prefix\">Principal Conductor<\/span><h1 class=\"uagb-ifb-title\">Justo Manuel Jim\u00e9nez F\u00e1bregas<\/h1><\/div><p class=\"uagb-ifb-desc\">Justo Manuel Jim\u00e9nez F\u00e1bregas is a conductor, composer and music educator, and has been the director of the Juli\u00e1n Cerd\u00e1n Concert Band since 2010.<br><br>His solid academic training at the leading conservatoires of Andalusia and Madrid, together with an extensive artistic and teaching career, establishes him as one of the most highly qualified musical figures in the Andalusian concert band and choral scene. His leadership of the Juli\u00e1n Cerd\u00e1n Band belongs to a period of stability, artistic growth and institutional consolidation, continuing and carrying forward into the future the historical legacy of this Sanl\u00facar ensemble.<\/p><\/div><\/div>\n<\/div>\n\n\n\n<div class=\"wp-block-uagb-container uag-hide-desktop uagb-block-af8f1b76\">\n<div class=\"wp-block-uagb-image uagb-block-c7c4db5c wp-block-uagb-image--layout-default wp-block-uagb-image--effect-static wp-block-uagb-image--align-none\"><figure class=\"wp-block-uagb-image__figure\"><img decoding=\"async\" srcset=\"https:\/\/bandajuliancerdan.com\/wp-content\/uploads\/2026\/01\/justo-1-683x1024.webp ,https:\/\/bandajuliancerdan.com\/wp-content\/uploads\/2026\/01\/justo-1.webp 780w, https:\/\/bandajuliancerdan.com\/wp-content\/uploads\/2026\/01\/justo-1.webp 360w\" sizes=\"auto, (max-width: 480px) 150px\" src=\"https:\/\/bandajuliancerdan.com\/wp-content\/uploads\/2026\/01\/justo-1-683x1024.webp\" alt=\"\" class=\"uag-image-593\" width=\"683\" height=\"1024\" title=\"just 1\" loading=\"lazy\" role=\"img\"\/><\/figure><\/div>\n<\/div>\n\n\n\n<div class=\"wp-block-uagb-container uagb-block-bdd9a959\">\n<div class=\"wp-block-uagb-container uagb-block-0e245149\">\n<div class=\"wp-block-uagb-info-box uagb-block-b00bf6f9 uagb-infobox__content-wrap  uagb-infobox-icon-above-title uagb-infobox-image-valign-top\"><div class=\"uagb-ifb-content\"><div class=\"uagb-ifb-title-wrap\"><h2 class=\"uagb-ifb-title\">Curriculum<\/h2><\/div><p class=\"uagb-ifb-desc\"><strong>Justo Manuel Jim\u00e9nez F\u00e1bregas<\/strong> Sanl\u00facar de Barrameda (C\u00e1diz) on 29 September 1973. He began his musical studies at the <em>Joaqu\u00edn Turina<\/em> Elementary Conservatoire in his home town, specialising in Piano and Violin. He continued his training at the <em>Manuel de Falla<\/em> Professional Conservatoire in C\u00e1diz, before moving on to the <em>Manuel Castillo<\/em> Higher Conservatoire in Seville and the Royal Higher Conservatoire of Madrid.<br><br>He holds qualifications as Piano Teacher; Higher Teacher of Solf\u00e8ge, Music Theory, Accompaniment, Sight-Reading and Transposition; Higher Teacher of Harmony, Counterpoint and Fugue, Composition, Instrumentation and Orchestration; and Higher Teacher of Choral Conducting, completing these studies with the highest marks and receiving the unanimous End-of-Studies Honour Prize in the latter specialisation. He also holds a qualification in Orchestral Conducting from the Royal Higher Conservatoire of Madrid. In addition, he completed up to the seventh year of Violin (1966 Curriculum).<br><br>He has undertaken advanced courses in Piano with Jos\u00e9 Manuel de Diego, Ana Guijarro, Pilar Bilbao, Juli\u00e1n L\u00f3pez Gimeno and Tatiana Postnikova, among others; in Violin with B\u0159etislav Novotn\u00fd, Yuri Managadze and others; courses in Didactics and Methodology of Musical Language (holding Level I Expert status: \"Specialisation in Secondary Education\"); courses in sound engineering; as well as the course \"Musical Conducting Technique according to Sergiu Celibidache: Principles of Musical Phenomenology\", taught by Enrique Garc\u00eda Asensio, among others.<br><br>He has studied Orchestral Conducting with Octav Calleya and Enrique Garc\u00eda Asensio (themselves pupils of Celibidache and Karajan, among others), Mercedes Padilla, Alain Sancho and Antonio Moya; and Choral Conducting with Ricardo Rodr\u00edguez.<br><br>He has given lectures at the Contemporary Music series in M\u00e1laga.<br>He has served on the jury of several competitions, notably the Habaneras Competition in Cuevas de Almanzora (Almer\u00eda), Spanish song competitions, and others.<br><br>Regarding his teaching experience, he taught at the Municipal Music School of Trebujena from 1995 to 2003, serving as its director from 1999 and achieving official accreditation for the school from the Regional Government of Andalusia.<br>He has also taught at secondary schools - at Compa\u00f1\u00eda de Mar\u00eda for three years and at La Salle in Sanl\u00facar de Barrameda - as well as at the <em>Manuel Carra<\/em> Professional Conservatoire in M\u00e1laga, in the specialisation of Fundamentals of Composition.<br><br>Since 2004 he has held the post of Professor in the specialisation of Composition, teaching at the Higher Conservatoire of M\u00e1laga and at those of Seville and Jerez de la Frontera, where he currently works. Among the subjects he has taught are: Counterpoint, Fugue, Instrumentation and Orchestration, Harmony, Analysis, Analysis of Contemporary Music, Theory of Musical Forms, Contemporary Music Workshop (directing ensembles of various kinds), Harmonic-Contrapuntal Practice, and others.<br>He is a civil servant by competitive examination in the Corps of Teachers of Music and Performing Arts in the specialisation of Fundamentals of Composition for the Regional Government of Andalusia.<br><br>In his work as artistic and musical director, it is worth noting that from November 2000 to October 2010 he led the <em>Nuestra Se\u00f1ora de Palomares<\/em> Concert Band of Trebujena, with which he gave countless performances spanning all genres: Holy Week, Christmas, educational concerts, all manner of street parades, bullfighting events, joint concerts with choir, and more.<br><br>He has been director and founder of the <em>Nuestra Se\u00f1ora de la Esperanza<\/em> Polyphonic Choir of Sanl\u00facar de Barrameda since 1993, with which he has given numerous concerts and performances. Highlights include Faur\u00e9's <em>Requiem<\/em> with the <em>A Orillas del Guadalquivir<\/em>&nbsp;Festival Orchestra; Mozart's Coronation Mass with the Seville Orchestra; monographic concerts together with the <em>Nuestra Se\u00f1ora de Palomares<\/em>&nbsp;Concert Band; all manner of liturgical celebrations; Christmas concerts; zarzuela concerts; as well as a concert aboard the training ship <em>Juan Sebasti\u00e1n Elcano<\/em>among others. He has also conducted the <em>Saint Cecilia<\/em> Choral Society of Sanl\u00facar de Barrameda on several occasions.<br><br>He has taken part in the recording of three albums: <em>25 a\u00f1os con el Valle<\/em> (2004, <em>Melody Records<\/em> Studios, Seville), featuring processional marches and dedicated to the 25 years the <em>Nuestra Se\u00f1ora de Palomares<\/em> Concert Band had spent accompanying the canopy of Our Lady of the Valley of Jerez de la Frontera; <em>Coronaci\u00f3n de Esperanza<\/em> (2007, <em>Alta Frecuencia<\/em> Studios, Seville), recorded with the <em>Nuestra Se\u00f1ora de la Esperanza<\/em> Polyphonic Choir in collaboration with the Bonares Concert Band; and <em>Navidad en Sanl\u00facar<\/em> (2008, <em>La Bodeguita<\/em> Studios, Jerez), recorded with the <em>Nuestra Se\u00f1ora de la Esperanza<\/em> Polyphonic Choir with the sponsorship of Cadena SER.<br><br>He also served as Delegate for Music in the Liturgy for the Diocese of Jerez from 1998 to 2000.<br><br>As a violinist, he has played in various orchestras, including the <em>Manuel de Falla<\/em>&nbsp;Conservatoire Orchestra, the Santa Cueva Oratory Orchestra and the Ciudad de C\u00e1diz Orchestra.<br><br>As a pianist, he performs in a large number of recitals and also serves as accompanist in various intermediate and advanced grade examinations.<br><br>As a composer, he has written countless works spanning all genres: choral works, works for band, symphonic poems, hymns, chamber music, and more.<br><br>As an arranger and orchestrator, he has produced numerous arrangements for concert band, such as the Hymn for the Coronation of Our Lady of the Valley by Paco Cepero; the Hymn for the Coronation of Our Lady of Hope by Antonio Rond\u00e1n; various marches, including <em>Virgen del Mayor Dolor<\/em> by Francisco Otero, <em>Reina de San Joaqu\u00edn<\/em> and <em>Desconsuelo de la Aurora<\/em> by Carlos Godino; as well as arrangements of classical works and carnival music.<\/p><\/div><\/div>\n<\/div>\n\n\n\n<div class=\"wp-block-uagb-container uagb-block-68f8bb61\">\t\t\t\t\t<div\n\t\t\t\t\t\tclass=\"wp-block-uagb-image-gallery uagb-block-aa97db7b   uag-hide-tab uag-hide-mob\"\n\t\t\t\t\t\tstyle=\"\"\n\t\t\t\t\t>\n\t\t\t\t\t\t\t\t\t\t\t<div class=\"spectra-image-gallery spectra-image-gallery__layout--masonry spectra-image-gallery__layout--masonry-col-1 spectra-image-gallery__layout--masonry-col-tab-3 spectra-image-gallery__layout--masonry-col-mob-2\">\n\t\t\t\t\t\t\t\t\t\t\t<div class='spectra-image-gallery__media-wrapper--isotope'>\n\t\t\t\t\t\t\t<div class='spectra-image-gallery__media-wrapper' data-spectra-gallery-image-id='593' tabindex=\"0\">\n\t\t\t\t\t\t\t<div class=\"spectra-image-gallery__media spectra-image-gallery__media--masonry\">\n\t\t\t\t<picture>\n\t\t\t\t\t<source media=\"(min-width: 1024px)\" srcset=\"https:\/\/bandajuliancerdan.com\/wp-content\/uploads\/2026\/01\/justo-1-683x1024.webp\">\n\t\t\t\t\t<source media=\"(min-width: 768px)\" srcset=\"https:\/\/bandajuliancerdan.com\/wp-content\/uploads\/2026\/01\/justo-1-683x1024.webp\">\n\t\t\t\t\t<img decoding=\"async\" class=\"spectra-image-gallery__media-thumbnail spectra-image-gallery__media-thumbnail--masonry\" src=\"https:\/\/bandajuliancerdan.com\/wp-content\/uploads\/2026\/01\/justo-1-200x300.webp\" alt=\"\" loading=\"lazy\" \/>\n\t\t\t\t<\/picture>\n\t\t\t\t<div class=\"spectra-image-gallery__media-thumbnail-blurrer\"><\/div>\n\t\t\t\t\t\t\t\t\t\t\t<div class=\"spectra-image-gallery__media-thumbnail-caption-wrapper spectra-image-gallery__media-thumbnail-caption-wrapper--overlay\"><\/div>\n\t\t\t\t\t\t\t\t<\/div>\n\t\t\t\t\t\t<\/div>\n\t\t\t\t\t\t<\/div>\n\t\t\t\t\t\t<div class='spectra-image-gallery__media-wrapper--isotope'>\n\t\t\t\t\t\t\t<div class='spectra-image-gallery__media-wrapper' data-spectra-gallery-image-id='594' tabindex=\"0\">\n\t\t\t\t\t\t\t<div class=\"spectra-image-gallery__media spectra-image-gallery__media--masonry\">\n\t\t\t\t<picture>\n\t\t\t\t\t<source media=\"(min-width: 1024px)\" srcset=\"https:\/\/bandajuliancerdan.com\/wp-content\/uploads\/2026\/01\/justo-2.webp\">\n\t\t\t\t\t<source media=\"(min-width: 768px)\" srcset=\"https:\/\/bandajuliancerdan.com\/wp-content\/uploads\/2026\/01\/justo-2.webp\">\n\t\t\t\t\t<img decoding=\"async\" class=\"spectra-image-gallery__media-thumbnail spectra-image-gallery__media-thumbnail--masonry\" src=\"https:\/\/bandajuliancerdan.com\/wp-content\/uploads\/2026\/01\/justo-2-300x200.webp\" alt=\"\" loading=\"lazy\" \/>\n\t\t\t\t<\/picture>\n\t\t\t\t<div class=\"spectra-image-gallery__media-thumbnail-blurrer\"><\/div>\n\t\t\t\t\t\t\t\t\t\t\t<div class=\"spectra-image-gallery__media-thumbnail-caption-wrapper spectra-image-gallery__media-thumbnail-caption-wrapper--overlay\"><\/div>\n\t\t\t\t\t\t\t\t<\/div>\n\t\t\t\t\t\t<\/div>\n\t\t\t\t\t\t<\/div>\n\t\t\t\t\t\t<div class='spectra-image-gallery__media-wrapper--isotope'>\n\t\t\t\t\t\t\t<div class='spectra-image-gallery__media-wrapper' data-spectra-gallery-image-id='595' tabindex=\"0\">\n\t\t\t\t\t\t\t<div class=\"spectra-image-gallery__media spectra-image-gallery__media--masonry\">\n\t\t\t\t<picture>\n\t\t\t\t\t<source media=\"(min-width: 1024px)\" srcset=\"https:\/\/bandajuliancerdan.com\/wp-content\/uploads\/2026\/01\/justo-3-1024x683.webp\">\n\t\t\t\t\t<source media=\"(min-width: 768px)\" srcset=\"https:\/\/bandajuliancerdan.com\/wp-content\/uploads\/2026\/01\/justo-3-1024x683.webp\">\n\t\t\t\t\t<img decoding=\"async\" class=\"spectra-image-gallery__media-thumbnail spectra-image-gallery__media-thumbnail--masonry\" src=\"https:\/\/bandajuliancerdan.com\/wp-content\/uploads\/2026\/01\/justo-3-300x200.webp\" alt=\"\" loading=\"lazy\" \/>\n\t\t\t\t<\/picture>\n\t\t\t\t<div class=\"spectra-image-gallery__media-thumbnail-blurrer\"><\/div>\n\t\t\t\t\t\t\t\t\t\t\t<div class=\"spectra-image-gallery__media-thumbnail-caption-wrapper spectra-image-gallery__media-thumbnail-caption-wrapper--overlay\"><\/div>\n\t\t\t\t\t\t\t\t<\/div>\n\t\t\t\t\t\t<\/div>\n\t\t\t\t\t\t<\/div>\n\t\t\t\t\t\t<div class='spectra-image-gallery__media-wrapper--isotope'>\n\t\t\t\t\t\t\t<div class='spectra-image-gallery__media-wrapper' data-spectra-gallery-image-id='596' tabindex=\"0\">\n\t\t\t\t\t\t\t<div class=\"spectra-image-gallery__media spectra-image-gallery__media--masonry\">\n\t\t\t\t<picture>\n\t\t\t\t\t<source media=\"(min-width: 1024px)\" srcset=\"https:\/\/bandajuliancerdan.com\/wp-content\/uploads\/2026\/01\/justo-4-1024x683.webp\">\n\t\t\t\t\t<source media=\"(min-width: 768px)\" srcset=\"https:\/\/bandajuliancerdan.com\/wp-content\/uploads\/2026\/01\/justo-4-1024x683.webp\">\n\t\t\t\t\t<img decoding=\"async\" class=\"spectra-image-gallery__media-thumbnail spectra-image-gallery__media-thumbnail--masonry\" src=\"https:\/\/bandajuliancerdan.com\/wp-content\/uploads\/2026\/01\/justo-4-300x200.webp\" alt=\"\" loading=\"lazy\" \/>\n\t\t\t\t<\/picture>\n\t\t\t\t<div class=\"spectra-image-gallery__media-thumbnail-blurrer\"><\/div>\n\t\t\t\t\t\t\t\t\t\t\t<div class=\"spectra-image-gallery__media-thumbnail-caption-wrapper spectra-image-gallery__media-thumbnail-caption-wrapper--overlay\"><\/div>\n\t\t\t\t\t\t\t\t<\/div>\n\t\t\t\t\t\t<\/div>\n\t\t\t\t\t\t<\/div>\n\t\t\t\t\t\t<div class='spectra-image-gallery__media-wrapper--isotope'>\n\t\t\t\t\t\t\t<div class='spectra-image-gallery__media-wrapper' data-spectra-gallery-image-id='597' tabindex=\"0\">\n\t\t\t\t\t\t\t<div class=\"spectra-image-gallery__media spectra-image-gallery__media--masonry\">\n\t\t\t\t<picture>\n\t\t\t\t\t<source media=\"(min-width: 1024px)\" srcset=\"https:\/\/bandajuliancerdan.com\/wp-content\/uploads\/2026\/01\/justo-5-1024x766.webp\">\n\t\t\t\t\t<source media=\"(min-width: 768px)\" srcset=\"https:\/\/bandajuliancerdan.com\/wp-content\/uploads\/2026\/01\/justo-5-1024x766.webp\">\n\t\t\t\t\t<img decoding=\"async\" class=\"spectra-image-gallery__media-thumbnail spectra-image-gallery__media-thumbnail--masonry\" src=\"https:\/\/bandajuliancerdan.com\/wp-content\/uploads\/2026\/01\/justo-5-300x225.webp\" alt=\"\" loading=\"lazy\" \/>\n\t\t\t\t<\/picture>\n\t\t\t\t<div class=\"spectra-image-gallery__media-thumbnail-blurrer\"><\/div>\n\t\t\t\t\t\t\t\t\t\t\t<div class=\"spectra-image-gallery__media-thumbnail-caption-wrapper spectra-image-gallery__media-thumbnail-caption-wrapper--overlay\"><\/div>\n\t\t\t\t\t\t\t\t<\/div>\n\t\t\t\t\t\t<\/div>\n\t\t\t\t\t\t<\/div>\n\t\t\t\t\t\t\t\t\t\t<\/div>\n\t\t\t\t\t\t\t\t\t\t\t\t\t\t\t\t\t\t<\/div>\n\t\t\t\t\t\t\t\t\t\t\t<div class='spectra-image-gallery__control-lightbox' tabindex='0'>\n\t\t\t\t\t\t\t\t\t\t\t<div class=\"swiper spectra-image-gallery__control-lightbox--main\" dir=\"\">\n\t\t\t\t\t<div class=\"swiper-wrapper\">\n\t\t\t\t\t\t\t\t\t\t\t\t\t\n\t\t\t\t\t\t\t<div class=\"swiper-slide\">\n\t\t\t\t\t\t\t\t<img class=\"swiper-lazy\" data-src=\"https:\/\/bandajuliancerdan.com\/wp-content\/uploads\/2026\/01\/justo-1.webp\" alt=\"\"\/>\n\t\t\t\t\t\t\t\t<div class=\"swiper-lazy-preloader swiper-lazy-preloader-white\"><\/div>\n\t\t\t\t\t\t\t\t\t\t\t\t\t\t\t<\/div>\n\t\t\t\t\t\t\t\t\t\t\t\t\t\n\t\t\t\t\t\t\t<div class=\"swiper-slide\">\n\t\t\t\t\t\t\t\t<img class=\"swiper-lazy\" data-src=\"https:\/\/bandajuliancerdan.com\/wp-content\/uploads\/2026\/01\/justo-2.webp\" alt=\"\"\/>\n\t\t\t\t\t\t\t\t<div class=\"swiper-lazy-preloader swiper-lazy-preloader-white\"><\/div>\n\t\t\t\t\t\t\t\t\t\t\t\t\t\t\t<\/div>\n\t\t\t\t\t\t\t\t\t\t\t\t\t\n\t\t\t\t\t\t\t<div class=\"swiper-slide\">\n\t\t\t\t\t\t\t\t<img class=\"swiper-lazy\" data-src=\"https:\/\/bandajuliancerdan.com\/wp-content\/uploads\/2026\/01\/justo-3.webp\" alt=\"\"\/>\n\t\t\t\t\t\t\t\t<div class=\"swiper-lazy-preloader swiper-lazy-preloader-white\"><\/div>\n\t\t\t\t\t\t\t\t\t\t\t\t\t\t\t<\/div>\n\t\t\t\t\t\t\t\t\t\t\t\t\t\n\t\t\t\t\t\t\t<div class=\"swiper-slide\">\n\t\t\t\t\t\t\t\t<img class=\"swiper-lazy\" data-src=\"https:\/\/bandajuliancerdan.com\/wp-content\/uploads\/2026\/01\/justo-4.webp\" alt=\"\"\/>\n\t\t\t\t\t\t\t\t<div class=\"swiper-lazy-preloader swiper-lazy-preloader-white\"><\/div>\n\t\t\t\t\t\t\t\t\t\t\t\t\t\t\t<\/div>\n\t\t\t\t\t\t\t\t\t\t\t\t\t\n\t\t\t\t\t\t\t<div class=\"swiper-slide\">\n\t\t\t\t\t\t\t\t<img class=\"swiper-lazy\" data-src=\"https:\/\/bandajuliancerdan.com\/wp-content\/uploads\/2026\/01\/justo-5.webp\" alt=\"\"\/>\n\t\t\t\t\t\t\t\t<div class=\"swiper-lazy-preloader swiper-lazy-preloader-white\"><\/div>\n\t\t\t\t\t\t\t\t\t\t\t\t\t\t\t<\/div>\n\t\t\t\t\t\t\t\t\t\t\t<\/div>\n\t\t\t\t\t<div class=\"swiper-button-next\"><\/div>\n\t\t\t\t\t<div class=\"swiper-button-prev\"><\/div>\n\t\t\t\t<\/div>\t\t\t\n\t\t\t\t\t\t\t\t\t\t\t\t\t\t\t\t\t\t\t\t\t\t\t\t\t\t\t\t\t\t\t\t<button class='spectra-image-gallery__control-lightbox--close' aria-label=\"Close\">\n\t\t\t\t\t\t\t\t\t\t\t\t\t<svg xmlns=\"https:\/\/www.w3.org\/2000\/svg\" viewbox= \"0 0 320 512\"><path d=\"M310.6 361.4c12.5 12.5 12.5 32.75 0 45.25C304.4 412.9 296.2 416 288 416s-16.38-3.125-22.62-9.375L160 301.3L54.63 406.6C48.38 412.9 40.19 416 32 416S15.63 412.9 9.375 406.6c-12.5-12.5-12.5-32.75 0-45.25l105.4-105.4L9.375 150.6c-12.5-12.5-12.5-32.75 0-45.25s32.75-12.5 45.25 0L160 210.8l105.4-105.4c12.5-12.5 32.75-12.5 45.25 0s12.5 32.75 0 45.25l-105.4 105.4L310.6 361.4z\"><\/path><\/svg>\n\t\t\t\t\t\t\t\t\t\t\t\t<\/button>\n\t\t\t\t\t\t\t\t\t\t\t\t\t<\/div>\n\t\t\t\t\t\t\t\t\t\n\n\t\t\t\t\t<div\n\t\t\t\t\t\tclass=\"wp-block-uagb-image-gallery uagb-block-37f8db98  uag-hide-desktop\"\n\t\t\t\t\t\tstyle=\"\"\n\t\t\t\t\t>\n\t\t\t\t\t\t\t\t\t\t\t<div class=\"spectra-image-gallery spectra-image-gallery__layout--masonry spectra-image-gallery__layout--masonry-col-1 spectra-image-gallery__layout--masonry-col-tab-2 spectra-image-gallery__layout--masonry-col-mob-1\">\n\t\t\t\t\t\t\t\t\t\t\t<div class='spectra-image-gallery__media-wrapper--isotope'>\n\t\t\t\t\t\t\t<div class='spectra-image-gallery__media-wrapper' data-spectra-gallery-image-id='594' tabindex=\"0\">\n\t\t\t\t\t\t\t<div class=\"spectra-image-gallery__media spectra-image-gallery__media--masonry\">\n\t\t\t\t<picture>\n\t\t\t\t\t<source media=\"(min-width: 1024px)\" srcset=\"https:\/\/bandajuliancerdan.com\/wp-content\/uploads\/2026\/01\/justo-2.webp\">\n\t\t\t\t\t<source media=\"(min-width: 768px)\" srcset=\"https:\/\/bandajuliancerdan.com\/wp-content\/uploads\/2026\/01\/justo-2.webp\">\n\t\t\t\t\t<img decoding=\"async\" class=\"spectra-image-gallery__media-thumbnail spectra-image-gallery__media-thumbnail--masonry\" src=\"https:\/\/bandajuliancerdan.com\/wp-content\/uploads\/2026\/01\/justo-2.webp\" alt=\"\" loading=\"lazy\" \/>\n\t\t\t\t<\/picture>\n\t\t\t\t<div class=\"spectra-image-gallery__media-thumbnail-blurrer\"><\/div>\n\t\t\t\t\t\t\t\t\t\t\t<div class=\"spectra-image-gallery__media-thumbnail-caption-wrapper spectra-image-gallery__media-thumbnail-caption-wrapper--overlay\"><\/div>\n\t\t\t\t\t\t\t\t<\/div>\n\t\t\t\t\t\t<\/div>\n\t\t\t\t\t\t<\/div>\n\t\t\t\t\t\t<div class='spectra-image-gallery__media-wrapper--isotope'>\n\t\t\t\t\t\t\t<div class='spectra-image-gallery__media-wrapper' data-spectra-gallery-image-id='595' tabindex=\"0\">\n\t\t\t\t\t\t\t<div class=\"spectra-image-gallery__media spectra-image-gallery__media--masonry\">\n\t\t\t\t<picture>\n\t\t\t\t\t<source media=\"(min-width: 1024px)\" srcset=\"https:\/\/bandajuliancerdan.com\/wp-content\/uploads\/2026\/01\/justo-3-1024x683.webp\">\n\t\t\t\t\t<source media=\"(min-width: 768px)\" srcset=\"https:\/\/bandajuliancerdan.com\/wp-content\/uploads\/2026\/01\/justo-3-1024x683.webp\">\n\t\t\t\t\t<img decoding=\"async\" class=\"spectra-image-gallery__media-thumbnail spectra-image-gallery__media-thumbnail--masonry\" src=\"https:\/\/bandajuliancerdan.com\/wp-content\/uploads\/2026\/01\/justo-3-1024x683.webp\" alt=\"\" loading=\"lazy\" \/>\n\t\t\t\t<\/picture>\n\t\t\t\t<div class=\"spectra-image-gallery__media-thumbnail-blurrer\"><\/div>\n\t\t\t\t\t\t\t\t\t\t\t<div class=\"spectra-image-gallery__media-thumbnail-caption-wrapper spectra-image-gallery__media-thumbnail-caption-wrapper--overlay\"><\/div>\n\t\t\t\t\t\t\t\t<\/div>\n\t\t\t\t\t\t<\/div>\n\t\t\t\t\t\t<\/div>\n\t\t\t\t\t\t<div class='spectra-image-gallery__media-wrapper--isotope'>\n\t\t\t\t\t\t\t<div class='spectra-image-gallery__media-wrapper' data-spectra-gallery-image-id='596' tabindex=\"0\">\n\t\t\t\t\t\t\t<div class=\"spectra-image-gallery__media spectra-image-gallery__media--masonry\">\n\t\t\t\t<picture>\n\t\t\t\t\t<source media=\"(min-width: 1024px)\" srcset=\"https:\/\/bandajuliancerdan.com\/wp-content\/uploads\/2026\/01\/justo-4-1024x683.webp\">\n\t\t\t\t\t<source media=\"(min-width: 768px)\" srcset=\"https:\/\/bandajuliancerdan.com\/wp-content\/uploads\/2026\/01\/justo-4-1024x683.webp\">\n\t\t\t\t\t<img decoding=\"async\" class=\"spectra-image-gallery__media-thumbnail spectra-image-gallery__media-thumbnail--masonry\" src=\"https:\/\/bandajuliancerdan.com\/wp-content\/uploads\/2026\/01\/justo-4-1024x683.webp\" alt=\"\" loading=\"lazy\" \/>\n\t\t\t\t<\/picture>\n\t\t\t\t<div class=\"spectra-image-gallery__media-thumbnail-blurrer\"><\/div>\n\t\t\t\t\t\t\t\t\t\t\t<div class=\"spectra-image-gallery__media-thumbnail-caption-wrapper spectra-image-gallery__media-thumbnail-caption-wrapper--overlay\"><\/div>\n\t\t\t\t\t\t\t\t<\/div>\n\t\t\t\t\t\t<\/div>\n\t\t\t\t\t\t<\/div>\n\t\t\t\t\t\t<div class='spectra-image-gallery__media-wrapper--isotope'>\n\t\t\t\t\t\t\t<div class='spectra-image-gallery__media-wrapper' data-spectra-gallery-image-id='597' tabindex=\"0\">\n\t\t\t\t\t\t\t<div class=\"spectra-image-gallery__media spectra-image-gallery__media--masonry\">\n\t\t\t\t<picture>\n\t\t\t\t\t<source media=\"(min-width: 1024px)\" srcset=\"https:\/\/bandajuliancerdan.com\/wp-content\/uploads\/2026\/01\/justo-5-1024x766.webp\">\n\t\t\t\t\t<source media=\"(min-width: 768px)\" srcset=\"https:\/\/bandajuliancerdan.com\/wp-content\/uploads\/2026\/01\/justo-5-1024x766.webp\">\n\t\t\t\t\t<img decoding=\"async\" class=\"spectra-image-gallery__media-thumbnail spectra-image-gallery__media-thumbnail--masonry\" src=\"https:\/\/bandajuliancerdan.com\/wp-content\/uploads\/2026\/01\/justo-5-1024x766.webp\" alt=\"\" loading=\"lazy\" \/>\n\t\t\t\t<\/picture>\n\t\t\t\t<div class=\"spectra-image-gallery__media-thumbnail-blurrer\"><\/div>\n\t\t\t\t\t\t\t\t\t\t\t<div class=\"spectra-image-gallery__media-thumbnail-caption-wrapper spectra-image-gallery__media-thumbnail-caption-wrapper--overlay\"><\/div>\n\t\t\t\t\t\t\t\t<\/div>\n\t\t\t\t\t\t<\/div>\n\t\t\t\t\t\t<\/div>\n\t\t\t\t\t\t\t\t\t\t<\/div>\n\t\t\t\t\t\t\t\t\t\t\t\t\t\t\t\t\t\t<\/div>\n\t\t\t\t\t\t\t\t\t\t\t<div class='spectra-image-gallery__control-lightbox' tabindex='0'>\n\t\t\t\t\t\t\t\t\t\t\t<div class=\"swiper spectra-image-gallery__control-lightbox--main\" dir=\"\">\n\t\t\t\t\t<div class=\"swiper-wrapper\">\n\t\t\t\t\t\t\t\t\t\t\t\t\t\n\t\t\t\t\t\t\t<div class=\"swiper-slide\">\n\t\t\t\t\t\t\t\t<img class=\"swiper-lazy\" data-src=\"https:\/\/bandajuliancerdan.com\/wp-content\/uploads\/2026\/01\/justo-2.webp\" alt=\"\"\/>\n\t\t\t\t\t\t\t\t<div class=\"swiper-lazy-preloader swiper-lazy-preloader-white\"><\/div>\n\t\t\t\t\t\t\t\t\t\t\t\t\t\t\t<\/div>\n\t\t\t\t\t\t\t\t\t\t\t\t\t\n\t\t\t\t\t\t\t<div class=\"swiper-slide\">\n\t\t\t\t\t\t\t\t<img class=\"swiper-lazy\" data-src=\"https:\/\/bandajuliancerdan.com\/wp-content\/uploads\/2026\/01\/justo-3.webp\" alt=\"\"\/>\n\t\t\t\t\t\t\t\t<div class=\"swiper-lazy-preloader swiper-lazy-preloader-white\"><\/div>\n\t\t\t\t\t\t\t\t\t\t\t\t\t\t\t<\/div>\n\t\t\t\t\t\t\t\t\t\t\t\t\t\n\t\t\t\t\t\t\t<div class=\"swiper-slide\">\n\t\t\t\t\t\t\t\t<img class=\"swiper-lazy\" data-src=\"https:\/\/bandajuliancerdan.com\/wp-content\/uploads\/2026\/01\/justo-4.webp\" alt=\"\"\/>\n\t\t\t\t\t\t\t\t<div class=\"swiper-lazy-preloader swiper-lazy-preloader-white\"><\/div>\n\t\t\t\t\t\t\t\t\t\t\t\t\t\t\t<\/div>\n\t\t\t\t\t\t\t\t\t\t\t\t\t\n\t\t\t\t\t\t\t<div class=\"swiper-slide\">\n\t\t\t\t\t\t\t\t<img class=\"swiper-lazy\" data-src=\"https:\/\/bandajuliancerdan.com\/wp-content\/uploads\/2026\/01\/justo-5.webp\" alt=\"\"\/>\n\t\t\t\t\t\t\t\t<div class=\"swiper-lazy-preloader swiper-lazy-preloader-white\"><\/div>\n\t\t\t\t\t\t\t\t\t\t\t\t\t\t\t<\/div>\n\t\t\t\t\t\t\t\t\t\t\t<\/div>\n\t\t\t\t\t<div class=\"swiper-button-next\"><\/div>\n\t\t\t\t\t<div class=\"swiper-button-prev\"><\/div>\n\t\t\t\t<\/div>\t\t\t\n\t\t\t\t\t\t\t\t\t\t\t\t\t\t\t\t\t\t\t\t\t\t\t\t\t\t\t\t\t\t\t\t<button class='spectra-image-gallery__control-lightbox--close' aria-label=\"Close\">\n\t\t\t\t\t\t\t\t\t\t\t\t\t<svg xmlns=\"https:\/\/www.w3.org\/2000\/svg\" viewbox= \"0 0 320 512\"><path d=\"M310.6 361.4c12.5 12.5 12.5 32.75 0 45.25C304.4 412.9 296.2 416 288 416s-16.38-3.125-22.62-9.375L160 301.3L54.63 406.6C48.38 412.9 40.19 416 32 416S15.63 412.9 9.375 406.6c-12.5-12.5-12.5-32.75 0-45.25l105.4-105.4L9.375 150.6c-12.5-12.5-12.5-32.75 0-45.25s32.75-12.5 45.25 0L160 210.8l105.4-105.4c12.5-12.5 32.75-12.5 45.25 0s12.5 32.75 0 45.25l-105.4 105.4L310.6 361.4z\"><\/path><\/svg>\n\t\t\t\t\t\t\t\t\t\t\t\t<\/button>\n\t\t\t\t\t\t\t\t\t\t\t\t\t<\/div>\n\t\t\t\t\t\t\t\t\t<\/div>\n<\/div>\n<\/div><\/div>","protected":false},"excerpt":{"rendered":"","protected":false},"author":1,"featured_media":0,"parent":0,"menu_order":0,"comment_status":"closed","ping_status":"closed","template":"","meta":{"_uag_custom_page_level_css":"","site-sidebar-layout":"default","site-content-layout":"","ast-site-content-layout":"default","site-content-style":"default","site-sidebar-style":"default","ast-global-header-display":"","ast-banner-title-visibility":"","ast-main-header-display":"","ast-hfb-above-header-display":"","ast-hfb-below-header-display":"","ast-hfb-mobile-header-display":"","site-post-title":"disabled","ast-breadcrumbs-content":"","ast-featured-img":"","footer-sml-layout":"","ast-disable-related-posts":"","theme-transparent-header-meta":"enabled","adv-header-id-meta":"","stick-header-meta":"","header-above-stick-meta":"","header-main-stick-meta":"","header-below-stick-meta":"","astra-migrate-meta-layouts":"default","ast-page-background-enabled":"default","ast-page-background-meta":{"desktop":{"background-color":"var(--ast-global-color-5)","background-image":"","background-repeat":"repeat","background-position":"center center","background-size":"auto","background-attachment":"scroll","background-type":"","background-media":"","overlay-type":"","overlay-color":"","overlay-opacity":"","overlay-gradient":""},"tablet":{"background-color":"","background-image":"","background-repeat":"repeat","background-position":"center center","background-size":"auto","background-attachment":"scroll","background-type":"","background-media":"","overlay-type":"","overlay-color":"","overlay-opacity":"","overlay-gradient":""},"mobile":{"background-color":"","background-image":"","background-repeat":"repeat","background-position":"center center","background-size":"auto","background-attachment":"scroll","background-type":"","background-media":"","overlay-type":"","overlay-color":"","overlay-opacity":"","overlay-gradient":""}},"ast-content-background-meta":{"desktop":{"background-color":"var(--ast-global-color-4)","background-image":"","background-repeat":"repeat","background-position":"center center","background-size":"auto","background-attachment":"scroll","background-type":"","background-media":"","overlay-type":"","overlay-color":"","overlay-opacity":"","overlay-gradient":""},"tablet":{"background-color":"var(--ast-global-color-4)","background-image":"","background-repeat":"repeat","background-position":"center center","background-size":"auto","background-attachment":"scroll","background-type":"","background-media":"","overlay-type":"","overlay-color":"","overlay-opacity":"","overlay-gradient":""},"mobile":{"background-color":"var(--ast-global-color-4)","background-image":"","background-repeat":"repeat","background-position":"center center","background-size":"auto","background-attachment":"scroll","background-type":"","background-media":"","overlay-type":"","overlay-color":"","overlay-opacity":"","overlay-gradient":""}},"footnotes":""},"class_list":["post-586","page","type-page","status-publish","hentry"],"yoast_head":"<!-- This site is optimized with the Yoast SEO plugin v27.3 - https:\/\/yoast.com\/product\/yoast-seo-wordpress\/ -->\n<title>Director - Banda Juli\u00e1n Cerd\u00e1n<\/title>\n<meta name=\"robots\" content=\"index, follow, max-snippet:-1, max-image-preview:large, max-video-preview:-1\" \/>\n<link rel=\"canonical\" href=\"https:\/\/bandajuliancerdan.com\/en\/musical-director-justo-manuel-jimenez-fabregas\/\" \/>\n<meta property=\"og:locale\" content=\"en_GB\" \/>\n<meta property=\"og:type\" content=\"article\" \/>\n<meta property=\"og:title\" content=\"Director - Banda Juli\u00e1n Cerd\u00e1n\" \/>\n<meta property=\"og:url\" content=\"https:\/\/bandajuliancerdan.com\/en\/musical-director-justo-manuel-jimenez-fabregas\/\" \/>\n<meta property=\"og:site_name\" content=\"Banda Juli\u00e1n Cerd\u00e1n\" \/>\n<meta property=\"article:publisher\" content=\"https:\/\/www.facebook.com\/BMjuliancerdan\" \/>\n<meta property=\"article:modified_time\" content=\"2026-04-09T17:23:26+00:00\" \/>\n<meta property=\"og:image\" content=\"https:\/\/bandajuliancerdan.com\/wp-content\/uploads\/2026\/01\/justo-1-683x1024.webp\" \/>\n<meta name=\"twitter:card\" content=\"summary_large_image\" \/>\n<meta name=\"twitter:site\" content=\"@BMjulianCerdan\" \/>\n<meta name=\"twitter:label1\" content=\"Estimated reading time\" \/>\n\t<meta name=\"twitter:data1\" content=\"5 minutes\" \/>\n<script type=\"application\/ld+json\" class=\"yoast-schema-graph\">{\"@context\":\"https:\\\/\\\/schema.org\",\"@graph\":[{\"@type\":\"WebPage\",\"@id\":\"https:\\\/\\\/bandajuliancerdan.com\\\/director-justo-manuel-jimenez-fabregas\\\/\",\"url\":\"https:\\\/\\\/bandajuliancerdan.com\\\/director-justo-manuel-jimenez-fabregas\\\/\",\"name\":\"Director - Banda Juli\u00e1n Cerd\u00e1n\",\"isPartOf\":{\"@id\":\"https:\\\/\\\/bandajuliancerdan.com\\\/#website\"},\"primaryImageOfPage\":{\"@id\":\"https:\\\/\\\/bandajuliancerdan.com\\\/director-justo-manuel-jimenez-fabregas\\\/#primaryimage\"},\"image\":{\"@id\":\"https:\\\/\\\/bandajuliancerdan.com\\\/director-justo-manuel-jimenez-fabregas\\\/#primaryimage\"},\"thumbnailUrl\":\"https:\\\/\\\/bandajuliancerdan.com\\\/wp-content\\\/uploads\\\/2026\\\/01\\\/justo-1-683x1024.webp\",\"datePublished\":\"2026-01-27T19:48:26+00:00\",\"dateModified\":\"2026-04-09T17:23:26+00:00\",\"breadcrumb\":{\"@id\":\"https:\\\/\\\/bandajuliancerdan.com\\\/director-justo-manuel-jimenez-fabregas\\\/#breadcrumb\"},\"inLanguage\":\"en-GB\",\"potentialAction\":[{\"@type\":\"ReadAction\",\"target\":[\"https:\\\/\\\/bandajuliancerdan.com\\\/director-justo-manuel-jimenez-fabregas\\\/\"]}]},{\"@type\":\"ImageObject\",\"inLanguage\":\"en-GB\",\"@id\":\"https:\\\/\\\/bandajuliancerdan.com\\\/director-justo-manuel-jimenez-fabregas\\\/#primaryimage\",\"url\":\"https:\\\/\\\/bandajuliancerdan.com\\\/wp-content\\\/uploads\\\/2026\\\/01\\\/justo-1-683x1024.webp\",\"contentUrl\":\"https:\\\/\\\/bandajuliancerdan.com\\\/wp-content\\\/uploads\\\/2026\\\/01\\\/justo-1-683x1024.webp\"},{\"@type\":\"BreadcrumbList\",\"@id\":\"https:\\\/\\\/bandajuliancerdan.com\\\/director-justo-manuel-jimenez-fabregas\\\/#breadcrumb\",\"itemListElement\":[{\"@type\":\"ListItem\",\"position\":1,\"name\":\"Portada\",\"item\":\"https:\\\/\\\/bandajuliancerdan.com\\\/\"},{\"@type\":\"ListItem\",\"position\":2,\"name\":\"Director\"}]},{\"@type\":\"WebSite\",\"@id\":\"https:\\\/\\\/bandajuliancerdan.com\\\/#website\",\"url\":\"https:\\\/\\\/bandajuliancerdan.com\\\/\",\"name\":\"Banda Juli\u00e1n Cerd\u00e1n\",\"description\":\"Banda de M\u00fasica de Sanl\u00facar de Barrameda (desde 1852)\",\"publisher\":{\"@id\":\"https:\\\/\\\/bandajuliancerdan.com\\\/#organization\"},\"potentialAction\":[{\"@type\":\"SearchAction\",\"target\":{\"@type\":\"EntryPoint\",\"urlTemplate\":\"https:\\\/\\\/bandajuliancerdan.com\\\/?s={search_term_string}\"},\"query-input\":{\"@type\":\"PropertyValueSpecification\",\"valueRequired\":true,\"valueName\":\"search_term_string\"}}],\"inLanguage\":\"en-GB\"},{\"@type\":\"Organization\",\"@id\":\"https:\\\/\\\/bandajuliancerdan.com\\\/#organization\",\"name\":\"Banda Juli\u00e1n Cerd\u00e1n\",\"url\":\"https:\\\/\\\/bandajuliancerdan.com\\\/\",\"logo\":{\"@type\":\"ImageObject\",\"inLanguage\":\"en-GB\",\"@id\":\"https:\\\/\\\/bandajuliancerdan.com\\\/#\\\/schema\\\/logo\\\/image\\\/\",\"url\":\"https:\\\/\\\/bandajuliancerdan.com\\\/wp-content\\\/uploads\\\/2026\\\/01\\\/Banda-Julian-Cerdan-logo.webp\",\"contentUrl\":\"https:\\\/\\\/bandajuliancerdan.com\\\/wp-content\\\/uploads\\\/2026\\\/01\\\/Banda-Julian-Cerdan-logo.webp\",\"width\":470,\"height\":525,\"caption\":\"Banda Juli\u00e1n Cerd\u00e1n\"},\"image\":{\"@id\":\"https:\\\/\\\/bandajuliancerdan.com\\\/#\\\/schema\\\/logo\\\/image\\\/\"},\"sameAs\":[\"https:\\\/\\\/www.facebook.com\\\/BMjuliancerdan\",\"https:\\\/\\\/x.com\\\/BMjulianCerdan\",\"https:\\\/\\\/www.instagram.com\\\/bandajuliancerdan\",\"https:\\\/\\\/www.youtube.com\\\/@BMjuliancerdan\",\"https:\\\/\\\/open.spotify.com\\\/intl-es\\\/artist\\\/4i66fjXSc41mCE4cyc8ctf?si=xwRCLcowSBOcLpUrJncpAQ&nd=1&dlsi=4962adf5713540ac\"]}]}<\/script>\n<!-- \/ Yoast SEO plugin. -->","yoast_head_json":{"title":"Conductor - Juli\u00e1n Cerd\u00e1n Band","robots":{"index":"index","follow":"follow","max-snippet":"max-snippet:-1","max-image-preview":"max-image-preview:large","max-video-preview":"max-video-preview:-1"},"canonical":"https:\/\/bandajuliancerdan.com\/en\/musical-director-justo-manuel-jimenez-fabregas\/","og_locale":"en_GB","og_type":"article","og_title":"Director - Banda Juli\u00e1n Cerd\u00e1n","og_url":"https:\/\/bandajuliancerdan.com\/en\/musical-director-justo-manuel-jimenez-fabregas\/","og_site_name":"Banda Juli\u00e1n Cerd\u00e1n","article_publisher":"https:\/\/www.facebook.com\/BMjuliancerdan","article_modified_time":"2026-04-09T17:23:26+00:00","og_image":[{"url":"https:\/\/bandajuliancerdan.com\/wp-content\/uploads\/2026\/01\/justo-1-683x1024.webp","type":"","width":"","height":""}],"twitter_card":"summary_large_image","twitter_site":"@BMjulianCerdan","twitter_misc":{"Estimated reading time":"5 minutes"},"schema":{"@context":"https:\/\/schema.org","@graph":[{"@type":"WebPage","@id":"https:\/\/bandajuliancerdan.com\/director-justo-manuel-jimenez-fabregas\/","url":"https:\/\/bandajuliancerdan.com\/director-justo-manuel-jimenez-fabregas\/","name":"Conductor - Juli\u00e1n Cerd\u00e1n Band","isPartOf":{"@id":"https:\/\/bandajuliancerdan.com\/#website"},"primaryImageOfPage":{"@id":"https:\/\/bandajuliancerdan.com\/director-justo-manuel-jimenez-fabregas\/#primaryimage"},"image":{"@id":"https:\/\/bandajuliancerdan.com\/director-justo-manuel-jimenez-fabregas\/#primaryimage"},"thumbnailUrl":"https:\/\/bandajuliancerdan.com\/wp-content\/uploads\/2026\/01\/justo-1-683x1024.webp","datePublished":"2026-01-27T19:48:26+00:00","dateModified":"2026-04-09T17:23:26+00:00","breadcrumb":{"@id":"https:\/\/bandajuliancerdan.com\/director-justo-manuel-jimenez-fabregas\/#breadcrumb"},"inLanguage":"en-GB","potentialAction":[{"@type":"ReadAction","target":["https:\/\/bandajuliancerdan.com\/director-justo-manuel-jimenez-fabregas\/"]}]},{"@type":"ImageObject","inLanguage":"en-GB","@id":"https:\/\/bandajuliancerdan.com\/director-justo-manuel-jimenez-fabregas\/#primaryimage","url":"https:\/\/bandajuliancerdan.com\/wp-content\/uploads\/2026\/01\/justo-1-683x1024.webp","contentUrl":"https:\/\/bandajuliancerdan.com\/wp-content\/uploads\/2026\/01\/justo-1-683x1024.webp"},{"@type":"BreadcrumbList","@id":"https:\/\/bandajuliancerdan.com\/director-justo-manuel-jimenez-fabregas\/#breadcrumb","itemListElement":[{"@type":"ListItem","position":1,"name":"Portada","item":"https:\/\/bandajuliancerdan.com\/"},{"@type":"ListItem","position":2,"name":"Director"}]},{"@type":"WebSite","@id":"https:\/\/bandajuliancerdan.com\/#website","url":"https:\/\/bandajuliancerdan.com\/","name":"Juli\u00e1n Cerd\u00e1n Band","description":"Sanl\u00facar de Barrameda Music Band (since 1852)","publisher":{"@id":"https:\/\/bandajuliancerdan.com\/#organization"},"potentialAction":[{"@type":"SearchAction","target":{"@type":"EntryPoint","urlTemplate":"https:\/\/bandajuliancerdan.com\/?s={search_term_string}"},"query-input":{"@type":"PropertyValueSpecification","valueRequired":true,"valueName":"search_term_string"}}],"inLanguage":"en-GB"},{"@type":"Organization","@id":"https:\/\/bandajuliancerdan.com\/#organization","name":"Juli\u00e1n Cerd\u00e1n Band","url":"https:\/\/bandajuliancerdan.com\/","logo":{"@type":"ImageObject","inLanguage":"en-GB","@id":"https:\/\/bandajuliancerdan.com\/#\/schema\/logo\/image\/","url":"https:\/\/bandajuliancerdan.com\/wp-content\/uploads\/2026\/01\/Banda-Julian-Cerdan-logo.webp","contentUrl":"https:\/\/bandajuliancerdan.com\/wp-content\/uploads\/2026\/01\/Banda-Julian-Cerdan-logo.webp","width":470,"height":525,"caption":"Banda Juli\u00e1n Cerd\u00e1n"},"image":{"@id":"https:\/\/bandajuliancerdan.com\/#\/schema\/logo\/image\/"},"sameAs":["https:\/\/www.facebook.com\/BMjuliancerdan","https:\/\/x.com\/BMjulianCerdan","https:\/\/www.instagram.com\/bandajuliancerdan","https:\/\/www.youtube.com\/@BMjuliancerdan","https:\/\/open.spotify.com\/intl-es\/artist\/4i66fjXSc41mCE4cyc8ctf?si=xwRCLcowSBOcLpUrJncpAQ&nd=1&dlsi=4962adf5713540ac"]}]}},"uagb_featured_image_src":{"full":false,"thumbnail":false,"medium":false,"medium_large":false,"large":false,"1536x1536":false,"2048x2048":false,"trp-custom-language-flag":false},"uagb_author_info":{"display_name":"admin","author_link":"https:\/\/bandajuliancerdan.com\/en\/author\/admin\/"},"uagb_comment_info":0,"uagb_excerpt":null,"_links":{"self":[{"href":"https:\/\/bandajuliancerdan.com\/en\/wp-json\/wp\/v2\/pages\/586","targetHints":{"allow":["GET"]}}],"collection":[{"href":"https:\/\/bandajuliancerdan.com\/en\/wp-json\/wp\/v2\/pages"}],"about":[{"href":"https:\/\/bandajuliancerdan.com\/en\/wp-json\/wp\/v2\/types\/page"}],"author":[{"embeddable":true,"href":"https:\/\/bandajuliancerdan.com\/en\/wp-json\/wp\/v2\/users\/1"}],"replies":[{"embeddable":true,"href":"https:\/\/bandajuliancerdan.com\/en\/wp-json\/wp\/v2\/comments?post=586"}],"version-history":[{"count":13,"href":"https:\/\/bandajuliancerdan.com\/en\/wp-json\/wp\/v2\/pages\/586\/revisions"}],"predecessor-version":[{"id":967,"href":"https:\/\/bandajuliancerdan.com\/en\/wp-json\/wp\/v2\/pages\/586\/revisions\/967"}],"wp:attachment":[{"href":"https:\/\/bandajuliancerdan.com\/en\/wp-json\/wp\/v2\/media?parent=586"}],"curies":[{"name":"wp","href":"https:\/\/api.w.org\/{rel}","templated":true}]}}