{"id":860,"date":"2026-01-28T20:41:23","date_gmt":"2026-01-28T20:41:23","guid":{"rendered":"https:\/\/bandajuliancerdan.com\/?page_id=860"},"modified":"2026-04-09T19:07:09","modified_gmt":"2026-04-09T19:07:09","slug":"privacy-policy","status":"publish","type":"page","link":"https:\/\/bandajuliancerdan.com\/en\/privacy-policy\/","title":{"rendered":"Privacy policy"},"content":{"rendered":"<h2 class=\"wp-block-heading\">1. Data controller<\/h2>\n\n\n\n<p><strong>Entity:<\/strong> Juli\u00e1n Cerd\u00e1n Concert Band<br><strong>Legal name:<\/strong> Juli\u00e1n Cerd\u00e1n Concert Band Philharmonic Association<br><strong>Address:<\/strong> C\/ Severo Ochoa, 12 (Rematacaudales II Industrial Estate), 11540 Sanl\u00facar de Barrameda, C\u00e1diz (Spain)<br><strong>Contact e-mail address:<\/strong> info@bandajuliancerdan.com<br><strong>Telephone:<\/strong> 633 72 77 70<\/p>\n\n\n\n<p>The Juli\u00e1n Cerd\u00e1n Concert Band is responsible for the processing of personal data collected through this website.<\/p>\n\n\n\n<hr class=\"wp-block-separator has-alpha-channel-opacity\"\/>\n\n\n\n<h2 class=\"wp-block-heading\">2. Personal data collected<\/h2>\n\n\n\n<p>The following personal data may be collected through this website:<\/p>\n\n\n\n<ul class=\"wp-block-list\">\n<li>Identification data (name and surname).<\/li>\n\n\n\n<li>Contact details (e-mail and telephone).<\/li>\n\n\n\n<li>Any other data provided voluntarily by the user through contact forms, e-mail or registration.<\/li>\n<\/ul>\n\n\n\n<p>No specially protected data are collected.<\/p>\n\n\n\n<hr class=\"wp-block-separator has-alpha-channel-opacity\"\/>\n\n\n\n<h2 class=\"wp-block-heading\">3. Purpose of processing<\/h2>\n\n\n\n<p>The personal data provided will be processed for the following purposes:<\/p>\n\n\n\n<ul class=\"wp-block-list\">\n<li>To deal with queries, requests for information or contact.<\/li>\n\n\n\n<li>Manage the relationship with users, collaborators, students or donors.<\/li>\n\n\n\n<li>Send information related to activities, concerts, cultural or training projects, when the user has authorised it.<\/li>\n\n\n\n<li>Comply with applicable legal obligations.<\/li>\n<\/ul>\n\n\n\n<p>In no case will the data be used for purposes other than those described here.<\/p>\n\n\n\n<hr class=\"wp-block-separator has-alpha-channel-opacity\"\/>\n\n\n\n<h2 class=\"wp-block-heading\">4. Legitimation for processing<\/h2>\n\n\n\n<p>The legal basis for the processing of the data is:<\/p>\n\n\n\n<ul class=\"wp-block-list\">\n<li>The <strong>express consent of the user<\/strong>, given when submitting forms or contacting the entity.<\/li>\n\n\n\n<li>The <strong>compliance with legal obligations<\/strong>, where applicable.<\/li>\n\n\n\n<li>The <strong>legitimate interest<\/strong> of the entity for the management of its cultural and training activities.<\/li>\n<\/ul>\n\n\n\n<hr class=\"wp-block-separator has-alpha-channel-opacity\"\/>\n\n\n\n<h2 class=\"wp-block-heading\">5. Data retention<\/h2>\n\n\n\n<p>Personal data will be retained:<\/p>\n\n\n\n<ul class=\"wp-block-list\">\n<li>As long as there is a relationship with the user.<\/li>\n\n\n\n<li>For as long as necessary to comply with legal obligations.<\/li>\n\n\n\n<li>Until the user requests its deletion, where appropriate.<\/li>\n<\/ul>\n\n\n\n<hr class=\"wp-block-separator has-alpha-channel-opacity\"\/>\n\n\n\n<h2 class=\"wp-block-heading\">6. Recipients of the data<\/h2>\n\n\n\n<p>Personal data <strong>shall not be transferred to third parties<\/strong>, unless required by law or when strictly necessary for the provision of a service (e.g. technology or web hosting providers), always under the corresponding confidentiality guarantees.<\/p>\n\n\n\n<hr class=\"wp-block-separator has-alpha-channel-opacity\"\/>\n\n\n\n<h2 class=\"wp-block-heading\">7. Users' rights<\/h2>\n\n\n\n<p>The user may exercise the following rights at any time:<\/p>\n\n\n\n<ul class=\"wp-block-list\">\n<li>Access to your personal data.<\/li>\n\n\n\n<li>Rectification of inaccurate data.<\/li>\n\n\n\n<li>Deletion of your data when they are no longer needed.<\/li>\n\n\n\n<li>Limitation of or objection to processing.<\/li>\n\n\n\n<li>Data portability, where appropriate.<\/li>\n<\/ul>\n\n\n\n<p>To exercise these rights, you must send a written request together with a copy of your identity document to the e-mail address indicated in this policy.<\/p>\n\n\n\n<p>The user also has the right to lodge a complaint with the <strong>Spanish Data Protection Agency (AEPD)<\/strong> if you consider that the processing of your data does not comply with the regulations in force.<\/p>\n\n\n\n<hr class=\"wp-block-separator has-alpha-channel-opacity\"\/>\n\n\n\n<h2 class=\"wp-block-heading\">8. Data security<\/h2>\n\n\n\n<p>The Juli\u00e1n Cerd\u00e1n Concert Band adopts the necessary technical and organisational measures to guarantee the security, integrity and confidentiality of personal data, avoiding its loss, alteration or unauthorised access.<\/p>\n\n\n\n<hr class=\"wp-block-separator has-alpha-channel-opacity\"\/>\n\n\n\n<h2 class=\"wp-block-heading\">9. Links to third parties<\/h2>\n\n\n\n<p>This website may contain links to external sites. The Juli\u00e1n Cerd\u00e1n Concert Band is not responsible for the privacy policies or the content of such sites.<\/p>\n\n\n\n<hr class=\"wp-block-separator has-alpha-channel-opacity\"\/>\n\n\n\n<h2 class=\"wp-block-heading\">10. Changes to the privacy policy<\/h2>\n\n\n\n<p>This Privacy Policy may be updated to adapt to regulatory changes or changes in the activity of the entity. Any changes will be published on this page.<\/p>","protected":false},"excerpt":{"rendered":"<p>1. Responsable del tratamiento Entidad: Banda de M\u00fasica Juli\u00e1n Cerd\u00e1nDenominaci\u00f3n jur\u00eddica: Asociaci\u00f3n Filarm\u00f3nica Banda de M\u00fasica Juli\u00e1n Cerd\u00e1nDomicilio: C\/ Severo [&hellip;]<\/p>\n","protected":false},"author":1,"featured_media":0,"parent":0,"menu_order":0,"comment_status":"closed","ping_status":"closed","template":"","meta":{"_uag_custom_page_level_css":"","site-sidebar-layout":"default","site-content-layout":"","ast-site-content-layout":"default","site-content-style":"default","site-sidebar-style":"default","ast-global-header-display":"","ast-banner-title-visibility":"","ast-main-header-display":"","ast-hfb-above-header-display":"","ast-hfb-below-header-display":"","ast-hfb-mobile-header-display":"","site-post-title":"","ast-breadcrumbs-content":"","ast-featured-img":"","footer-sml-layout":"","ast-disable-related-posts":"","theme-transparent-header-meta":"","adv-header-id-meta":"","stick-header-meta":"","header-above-stick-meta":"","header-main-stick-meta":"","header-below-stick-meta":"","astra-migrate-meta-layouts":"default","ast-page-background-enabled":"default","ast-page-background-meta":{"desktop":{"background-color":"var(--ast-global-color-5)","background-image":"","background-repeat":"repeat","background-position":"center center","background-size":"auto","background-attachment":"scroll","background-type":"","background-media":"","overlay-type":"","overlay-color":"","overlay-opacity":"","overlay-gradient":""},"tablet":{"background-color":"","background-image":"","background-repeat":"repeat","background-position":"center center","background-size":"auto","background-attachment":"scroll","background-type":"","background-media":"","overlay-type":"","overlay-color":"","overlay-opacity":"","overlay-gradient":""},"mobile":{"background-color":"","background-image":"","background-repeat":"repeat","background-position":"center center","background-size":"auto","background-attachment":"scroll","background-type":"","background-media":"","overlay-type":"","overlay-color":"","overlay-opacity":"","overlay-gradient":""}},"ast-content-background-meta":{"desktop":{"background-color":"var(--ast-global-color-4)","background-image":"","background-repeat":"repeat","background-position":"center center","background-size":"auto","background-attachment":"scroll","background-type":"","background-media":"","overlay-type":"","overlay-color":"","overlay-opacity":"","overlay-gradient":""},"tablet":{"background-color":"var(--ast-global-color-4)","background-image":"","background-repeat":"repeat","background-position":"center center","background-size":"auto","background-attachment":"scroll","background-type":"","background-media":"","overlay-type":"","overlay-color":"","overlay-opacity":"","overlay-gradient":""},"mobile":{"background-color":"var(--ast-global-color-4)","background-image":"","background-repeat":"repeat","background-position":"center center","background-size":"auto","background-attachment":"scroll","background-type":"","background-media":"","overlay-type":"","overlay-color":"","overlay-opacity":"","overlay-gradient":""}},"footnotes":""},"class_list":["post-860","page","type-page","status-publish","hentry"],"yoast_head":"<!-- This site is optimized with the Yoast SEO plugin v27.3 - https:\/\/yoast.com\/product\/yoast-seo-wordpress\/ -->\n<title>Pol\u00edtica de privacidad - Banda Juli\u00e1n Cerd\u00e1n<\/title>\n<meta name=\"robots\" content=\"index, follow, max-snippet:-1, max-image-preview:large, max-video-preview:-1\" \/>\n<link rel=\"canonical\" href=\"https:\/\/bandajuliancerdan.com\/en\/privacy-policy\/\" \/>\n<meta property=\"og:locale\" content=\"en_GB\" \/>\n<meta property=\"og:type\" content=\"article\" \/>\n<meta property=\"og:title\" content=\"Pol\u00edtica de privacidad - Banda Juli\u00e1n Cerd\u00e1n\" \/>\n<meta property=\"og:description\" content=\"1. Responsable del tratamiento Entidad: Banda de M\u00fasica Juli\u00e1n Cerd\u00e1nDenominaci\u00f3n jur\u00eddica: Asociaci\u00f3n Filarm\u00f3nica Banda de M\u00fasica Juli\u00e1n Cerd\u00e1nDomicilio: C\/ Severo [&hellip;]\" \/>\n<meta property=\"og:url\" content=\"https:\/\/bandajuliancerdan.com\/en\/privacy-policy\/\" \/>\n<meta property=\"og:site_name\" content=\"Banda Juli\u00e1n Cerd\u00e1n\" \/>\n<meta property=\"article:publisher\" content=\"https:\/\/www.facebook.com\/BMjuliancerdan\" \/>\n<meta property=\"article:modified_time\" content=\"2026-04-09T19:07:09+00:00\" \/>\n<meta name=\"twitter:card\" content=\"summary_large_image\" \/>\n<meta name=\"twitter:site\" content=\"@BMjulianCerdan\" \/>\n<meta name=\"twitter:label1\" content=\"Estimated reading time\" \/>\n\t<meta name=\"twitter:data1\" content=\"3 minutes\" \/>\n<script type=\"application\/ld+json\" class=\"yoast-schema-graph\">{\"@context\":\"https:\\\/\\\/schema.org\",\"@graph\":[{\"@type\":\"WebPage\",\"@id\":\"https:\\\/\\\/bandajuliancerdan.com\\\/politica-de-privacidad\\\/\",\"url\":\"https:\\\/\\\/bandajuliancerdan.com\\\/politica-de-privacidad\\\/\",\"name\":\"Pol\u00edtica de privacidad - Banda Juli\u00e1n Cerd\u00e1n\",\"isPartOf\":{\"@id\":\"https:\\\/\\\/bandajuliancerdan.com\\\/#website\"},\"datePublished\":\"2026-01-28T20:41:23+00:00\",\"dateModified\":\"2026-04-09T19:07:09+00:00\",\"breadcrumb\":{\"@id\":\"https:\\\/\\\/bandajuliancerdan.com\\\/politica-de-privacidad\\\/#breadcrumb\"},\"inLanguage\":\"en-GB\",\"potentialAction\":[{\"@type\":\"ReadAction\",\"target\":[\"https:\\\/\\\/bandajuliancerdan.com\\\/politica-de-privacidad\\\/\"]}]},{\"@type\":\"BreadcrumbList\",\"@id\":\"https:\\\/\\\/bandajuliancerdan.com\\\/politica-de-privacidad\\\/#breadcrumb\",\"itemListElement\":[{\"@type\":\"ListItem\",\"position\":1,\"name\":\"Portada\",\"item\":\"https:\\\/\\\/bandajuliancerdan.com\\\/\"},{\"@type\":\"ListItem\",\"position\":2,\"name\":\"Pol\u00edtica de privacidad\"}]},{\"@type\":\"WebSite\",\"@id\":\"https:\\\/\\\/bandajuliancerdan.com\\\/#website\",\"url\":\"https:\\\/\\\/bandajuliancerdan.com\\\/\",\"name\":\"Banda Juli\u00e1n Cerd\u00e1n\",\"description\":\"Banda de M\u00fasica de Sanl\u00facar de Barrameda (desde 1852)\",\"publisher\":{\"@id\":\"https:\\\/\\\/bandajuliancerdan.com\\\/#organization\"},\"potentialAction\":[{\"@type\":\"SearchAction\",\"target\":{\"@type\":\"EntryPoint\",\"urlTemplate\":\"https:\\\/\\\/bandajuliancerdan.com\\\/?s={search_term_string}\"},\"query-input\":{\"@type\":\"PropertyValueSpecification\",\"valueRequired\":true,\"valueName\":\"search_term_string\"}}],\"inLanguage\":\"en-GB\"},{\"@type\":\"Organization\",\"@id\":\"https:\\\/\\\/bandajuliancerdan.com\\\/#organization\",\"name\":\"Banda Juli\u00e1n Cerd\u00e1n\",\"url\":\"https:\\\/\\\/bandajuliancerdan.com\\\/\",\"logo\":{\"@type\":\"ImageObject\",\"inLanguage\":\"en-GB\",\"@id\":\"https:\\\/\\\/bandajuliancerdan.com\\\/#\\\/schema\\\/logo\\\/image\\\/\",\"url\":\"https:\\\/\\\/bandajuliancerdan.com\\\/wp-content\\\/uploads\\\/2026\\\/01\\\/Banda-Julian-Cerdan-logo.webp\",\"contentUrl\":\"https:\\\/\\\/bandajuliancerdan.com\\\/wp-content\\\/uploads\\\/2026\\\/01\\\/Banda-Julian-Cerdan-logo.webp\",\"width\":470,\"height\":525,\"caption\":\"Banda Juli\u00e1n Cerd\u00e1n\"},\"image\":{\"@id\":\"https:\\\/\\\/bandajuliancerdan.com\\\/#\\\/schema\\\/logo\\\/image\\\/\"},\"sameAs\":[\"https:\\\/\\\/www.facebook.com\\\/BMjuliancerdan\",\"https:\\\/\\\/x.com\\\/BMjulianCerdan\",\"https:\\\/\\\/www.instagram.com\\\/bandajuliancerdan\",\"https:\\\/\\\/www.youtube.com\\\/@BMjuliancerdan\",\"https:\\\/\\\/open.spotify.com\\\/intl-es\\\/artist\\\/4i66fjXSc41mCE4cyc8ctf?si=xwRCLcowSBOcLpUrJncpAQ&nd=1&dlsi=4962adf5713540ac\"]}]}<\/script>\n<!-- \/ Yoast SEO plugin. -->","yoast_head_json":{"title":"Privacy policy - Juli\u00e1n Cerd\u00e1n Band","robots":{"index":"index","follow":"follow","max-snippet":"max-snippet:-1","max-image-preview":"max-image-preview:large","max-video-preview":"max-video-preview:-1"},"canonical":"https:\/\/bandajuliancerdan.com\/en\/privacy-policy\/","og_locale":"en_GB","og_type":"article","og_title":"Pol\u00edtica de privacidad - Banda Juli\u00e1n Cerd\u00e1n","og_description":"1. Responsable del tratamiento Entidad: Banda de M\u00fasica Juli\u00e1n Cerd\u00e1nDenominaci\u00f3n jur\u00eddica: Asociaci\u00f3n Filarm\u00f3nica Banda de M\u00fasica Juli\u00e1n Cerd\u00e1nDomicilio: C\/ Severo [&hellip;]","og_url":"https:\/\/bandajuliancerdan.com\/en\/privacy-policy\/","og_site_name":"Banda Juli\u00e1n Cerd\u00e1n","article_publisher":"https:\/\/www.facebook.com\/BMjuliancerdan","article_modified_time":"2026-04-09T19:07:09+00:00","twitter_card":"summary_large_image","twitter_site":"@BMjulianCerdan","twitter_misc":{"Estimated reading time":"3 minutes"},"schema":{"@context":"https:\/\/schema.org","@graph":[{"@type":"WebPage","@id":"https:\/\/bandajuliancerdan.com\/politica-de-privacidad\/","url":"https:\/\/bandajuliancerdan.com\/politica-de-privacidad\/","name":"Privacy policy - Juli\u00e1n Cerd\u00e1n Band","isPartOf":{"@id":"https:\/\/bandajuliancerdan.com\/#website"},"datePublished":"2026-01-28T20:41:23+00:00","dateModified":"2026-04-09T19:07:09+00:00","breadcrumb":{"@id":"https:\/\/bandajuliancerdan.com\/politica-de-privacidad\/#breadcrumb"},"inLanguage":"en-GB","potentialAction":[{"@type":"ReadAction","target":["https:\/\/bandajuliancerdan.com\/politica-de-privacidad\/"]}]},{"@type":"BreadcrumbList","@id":"https:\/\/bandajuliancerdan.com\/politica-de-privacidad\/#breadcrumb","itemListElement":[{"@type":"ListItem","position":1,"name":"Portada","item":"https:\/\/bandajuliancerdan.com\/"},{"@type":"ListItem","position":2,"name":"Pol\u00edtica de privacidad"}]},{"@type":"WebSite","@id":"https:\/\/bandajuliancerdan.com\/#website","url":"https:\/\/bandajuliancerdan.com\/","name":"Juli\u00e1n Cerd\u00e1n Band","description":"Sanl\u00facar de Barrameda Music Band (since 1852)","publisher":{"@id":"https:\/\/bandajuliancerdan.com\/#organization"},"potentialAction":[{"@type":"SearchAction","target":{"@type":"EntryPoint","urlTemplate":"https:\/\/bandajuliancerdan.com\/?s={search_term_string}"},"query-input":{"@type":"PropertyValueSpecification","valueRequired":true,"valueName":"search_term_string"}}],"inLanguage":"en-GB"},{"@type":"Organization","@id":"https:\/\/bandajuliancerdan.com\/#organization","name":"Juli\u00e1n Cerd\u00e1n Band","url":"https:\/\/bandajuliancerdan.com\/","logo":{"@type":"ImageObject","inLanguage":"en-GB","@id":"https:\/\/bandajuliancerdan.com\/#\/schema\/logo\/image\/","url":"https:\/\/bandajuliancerdan.com\/wp-content\/uploads\/2026\/01\/Banda-Julian-Cerdan-logo.webp","contentUrl":"https:\/\/bandajuliancerdan.com\/wp-content\/uploads\/2026\/01\/Banda-Julian-Cerdan-logo.webp","width":470,"height":525,"caption":"Banda Juli\u00e1n Cerd\u00e1n"},"image":{"@id":"https:\/\/bandajuliancerdan.com\/#\/schema\/logo\/image\/"},"sameAs":["https:\/\/www.facebook.com\/BMjuliancerdan","https:\/\/x.com\/BMjulianCerdan","https:\/\/www.instagram.com\/bandajuliancerdan","https:\/\/www.youtube.com\/@BMjuliancerdan","https:\/\/open.spotify.com\/intl-es\/artist\/4i66fjXSc41mCE4cyc8ctf?si=xwRCLcowSBOcLpUrJncpAQ&nd=1&dlsi=4962adf5713540ac"]}]}},"uagb_featured_image_src":{"full":false,"thumbnail":false,"medium":false,"medium_large":false,"large":false,"1536x1536":false,"2048x2048":false,"trp-custom-language-flag":false},"uagb_author_info":{"display_name":"admin","author_link":"https:\/\/bandajuliancerdan.com\/en\/author\/admin\/"},"uagb_comment_info":0,"uagb_excerpt":"1. Responsable del tratamiento Entidad: Banda de M\u00fasica Juli\u00e1n Cerd\u00e1nDenominaci\u00f3n jur\u00eddica: Asociaci\u00f3n Filarm\u00f3nica Banda de M\u00fasica Juli\u00e1n Cerd\u00e1nDomicilio: C\/ Severo [&hellip;]","_links":{"self":[{"href":"https:\/\/bandajuliancerdan.com\/en\/wp-json\/wp\/v2\/pages\/860","targetHints":{"allow":["GET"]}}],"collection":[{"href":"https:\/\/bandajuliancerdan.com\/en\/wp-json\/wp\/v2\/pages"}],"about":[{"href":"https:\/\/bandajuliancerdan.com\/en\/wp-json\/wp\/v2\/types\/page"}],"author":[{"embeddable":true,"href":"https:\/\/bandajuliancerdan.com\/en\/wp-json\/wp\/v2\/users\/1"}],"replies":[{"embeddable":true,"href":"https:\/\/bandajuliancerdan.com\/en\/wp-json\/wp\/v2\/comments?post=860"}],"version-history":[{"count":5,"href":"https:\/\/bandajuliancerdan.com\/en\/wp-json\/wp\/v2\/pages\/860\/revisions"}],"predecessor-version":[{"id":987,"href":"https:\/\/bandajuliancerdan.com\/en\/wp-json\/wp\/v2\/pages\/860\/revisions\/987"}],"wp:attachment":[{"href":"https:\/\/bandajuliancerdan.com\/en\/wp-json\/wp\/v2\/media?parent=860"}],"curies":[{"name":"wp","href":"https:\/\/api.w.org\/{rel}","templated":true}]}}